{"id":111,"date":"2018-03-21T17:57:01","date_gmt":"2018-03-21T20:57:01","guid":{"rendered":"http:\/\/coreconms.org.br\/portal-transparencia\/?page_id=111"},"modified":"2020-05-13T11:51:29","modified_gmt":"2020-05-13T14:51:29","slug":"comissoes-e-grupos-de-trabalho","status":"publish","type":"page","link":"https:\/\/coreconms.org.br\/portal-transparencia\/comissoes-e-grupos-de-trabalho\/","title":{"rendered":"Comiss\u00f5es e Grupos de Trabalho"},"content":{"rendered":"\n<table id=\"tablepress-13\" class=\"tablepress tablepress-id-13\">\n<thead>\n<tr class=\"row-1 odd\">\n\t<th class=\"column-1\"><b><center>Gest\u00e3o 2024<\/b><\/center><\/th>\n<\/tr>\n<\/thead>\n<tbody class=\"row-hover\">\n<tr class=\"row-2 even\">\n\t<td class=\"column-1\"><b><center>Comiss\u00e3o de Tomada de Contas<\/center><\/b><\/td>\n<\/tr>\n<tr class=\"row-3 odd\">\n\t<td class=\"column-1\"><center>F\u00e1bio Nogueira da Silva<\/center><\/td>\n<\/tr>\n<tr class=\"row-4 even\">\n\t<td class=\"column-1\"><center>Luciane Cristina Carvalho<\/center><\/td>\n<\/tr>\n<tr class=\"row-5 odd\">\n\t<td class=\"column-1\"><center>Homero Jos\u00e9 Figliolini<\/center><\/td>\n<\/tr>\n<tr class=\"row-6 even\">\n\t<td class=\"column-1\"><\/td>\n<\/tr>\n<tr class=\"row-7 odd\">\n\t<td class=\"column-1\"><b><center>Grupo de Apoio de Licita\u00e7\u00e3o<\/center><\/b><\/td>\n<\/tr>\n<tr class=\"row-8 even\">\n\t<td class=\"column-1\"><center>Diogo da Silva Costa<\/center><\/td>\n<\/tr>\n<tr class=\"row-9 odd\">\n\t<td class=\"column-1\"><center>Gleidy Guimar\u00e3es Godinho<\/center><\/td>\n<\/tr>\n<tr class=\"row-10 even\">\n\t<td class=\"column-1\"><center>Eduardo Jos\u00e9 M. Felipe<\/center><\/td>\n<\/tr>\n<tr class=\"row-11 odd\">\n\t<td class=\"column-1\"><center>Holger de Ara\u00fajo Heimbach<\/center><\/td>\n<\/tr>\n<tr class=\"row-12 even\">\n\t<td class=\"column-1\"><\/td>\n<\/tr>\n<tr class=\"row-13 odd\">\n\t<td class=\"column-1\"><b><center>Comiss\u00e3o de Fiscaliza\u00e7\u00e3o e Registro Profissional<\/center><\/b><\/td>\n<\/tr>\n<tr class=\"row-14 even\">\n\t<td class=\"column-1\"><center>Paulo Salvatore Ponzini<\/center><\/td>\n<\/tr>\n<tr class=\"row-15 odd\">\n\t<td class=\"column-1\"><center>Gleidy Guimar\u00e3es Godinho<\/center><\/td>\n<\/tr>\n<tr class=\"row-16 even\">\n\t<td class=\"column-1\"><center>Angelo Mateus Prochmann<\/center><\/td>\n<\/tr>\n<tr class=\"row-17 odd\">\n\t<td class=\"column-1\"><center>Jorge Tadeu de Barros Veneza<\/center><\/td>\n<\/tr>\n<tr class=\"row-18 even\">\n\t<td class=\"column-1\"><\/td>\n<\/tr>\n<tr class=\"row-19 odd\">\n\t<td class=\"column-1\"><b><center>Comiss\u00e3o de Rela\u00e7\u00f5es Institucionais<\/center><\/b><\/td>\n<\/tr>\n<tr class=\"row-20 even\">\n\t<td class=\"column-1\"><center>Paulo Salvatore Ponzini<\/center><\/td>\n<\/tr>\n<tr class=\"row-21 odd\">\n\t<td class=\"column-1\"><center>Jorge Tadeu de Barros Veneza<\/center><\/td>\n<\/tr>\n<tr class=\"row-22 even\">\n\t<td class=\"column-1\"><center>Andreia Cambiaghi Sarago\u00e7a<\/center><\/td>\n<\/tr>\n<tr class=\"row-23 odd\">\n\t<td class=\"column-1\"><center>Augusto C\u00e9sar Portella Malheiros<\/center><\/td>\n<\/tr>\n<tr class=\"row-24 even\">\n\t<td class=\"column-1\"><center>Eduardo Jos\u00e9 Matos Felipe<\/center><\/td>\n<\/tr>\n<tr class=\"row-25 odd\">\n\t<td class=\"column-1\"><\/td>\n<\/tr>\n<tr class=\"row-26 even\">\n\t<td class=\"column-1\"><b><center>Comiss\u00e3o de Desenvolvimento Regional, Cr\u00e9dito e Incentivos do Poder P\u00fablico<\/center><\/b><\/td>\n<\/tr>\n<tr class=\"row-27 odd\">\n\t<td class=\"column-1\"><center>Homero Jos\u00e9 Figliolini<\/center><\/td>\n<\/tr>\n<tr class=\"row-28 even\">\n\t<td class=\"column-1\"><center>Juan Carlos Antonelli Vidal<\/center><\/td>\n<\/tr>\n<tr class=\"row-29 odd\">\n\t<td class=\"column-1\"><center>Angelo Mateus Prochmann<\/center><\/td>\n<\/tr>\n<tr class=\"row-30 even\">\n\t<td class=\"column-1\"><center>Hudson Garcia da Silva<br \/>\n<\/center><\/td>\n<\/tr>\n<tr class=\"row-31 odd\">\n\t<td class=\"column-1\"><\/td>\n<\/tr>\n<tr class=\"row-32 even\">\n\t<td class=\"column-1\"><b><center>Comiss\u00e3o da Mulher Economista<\/center><\/b><\/td>\n<\/tr>\n<tr class=\"row-33 odd\">\n\t<td class=\"column-1\"><center>Nilde Clara de Souza Benites Brun<\/center><\/td>\n<\/tr>\n<tr class=\"row-34 even\">\n\t<td class=\"column-1\"><center>Regina Pazeb\u00e3o Marson<\/center><\/td>\n<\/tr>\n<tr class=\"row-35 odd\">\n\t<td class=\"column-1\"><center>Gleidy Guimar\u00e3es Godinho<\/center><\/td>\n<\/tr>\n<tr class=\"row-36 even\">\n\t<td class=\"column-1\"><center>Regiane Ded\u00e9 de Oliveira<\/center><\/td>\n<\/tr>\n<tr class=\"row-37 odd\">\n\t<td class=\"column-1\"><center>Aliny Martins<\/center><\/td>\n<\/tr>\n<tr class=\"row-38 even\">\n\t<td class=\"column-1\"><\/td>\n<\/tr>\n<tr class=\"row-39 odd\">\n\t<td class=\"column-1\"><b><center>Comiss\u00e3o de Educa\u00e7\u00e3o, Comunica\u00e7\u00e3o e Eventos<\/center><\/b><\/td>\n<\/tr>\n<tr class=\"row-40 even\">\n\t<td class=\"column-1\"><center>Paulo Salvatore Ponzini<\/center><\/td>\n<\/tr>\n<tr class=\"row-41 odd\">\n\t<td class=\"column-1\"><center>Diogo Costa da Silva<\/center><\/td>\n<\/tr>\n<tr class=\"row-42 even\">\n\t<td class=\"column-1\"><center>F\u00e1bio Ferreira Junior<\/center><\/td>\n<\/tr>\n<tr class=\"row-43 odd\">\n\t<td class=\"column-1\"><\/td>\n<\/tr>\n<tr class=\"row-44 even\">\n\t<td class=\"column-1\"><b><center>Educa\u00e7\u00e3o Financeira<\/center><\/b><\/td>\n<\/tr>\n<tr class=\"row-45 odd\">\n\t<td class=\"column-1\"><center>Juan Carlos Antonelli Vidal<\/center><\/td>\n<\/tr>\n<tr class=\"row-46 even\">\n\t<td class=\"column-1\"><center>Andreia Cambiaghi Sarago\u00e7a<\/center><\/td>\n<\/tr>\n<tr class=\"row-47 odd\">\n\t<td class=\"column-1\"><\/td>\n<\/tr>\n<tr class=\"row-48 even\">\n\t<td class=\"column-1\"><b><center>Comiss\u00e3o de Benef\u00edcios aos Economistas<\/center><\/b><\/td>\n<\/tr>\n<tr class=\"row-49 odd\">\n\t<td class=\"column-1\"><center>Jorge Tadeu de Barros Veneza<\/center><\/td>\n<\/tr>\n<tr class=\"row-50 even\">\n\t<td class=\"column-1\"><center>Juan Carlos Antonelli Vidal<\/center><\/td>\n<\/tr>\n<tr class=\"row-51 odd\">\n\t<td class=\"column-1\"><center>Thales de Souza Campos<\/center><\/td>\n<\/tr>\n<tr class=\"row-52 even\">\n\t<td class=\"column-1\"><\/td>\n<\/tr>\n<tr class=\"row-53 odd\">\n\t<td class=\"column-1\"><b><center>Comiss\u00e3o do CORECON Jovem<\/center><\/b><\/td>\n<\/tr>\n<tr class=\"row-54 even\">\n\t<td class=\"column-1\"><center>Eduardo Jos\u00e9 Matos Felipe<\/center><\/td>\n<\/tr>\n<tr class=\"row-55 odd\">\n\t<td class=\"column-1\"><center>Diogo Costa da Silva<\/center><\/td>\n<\/tr>\n<tr class=\"row-56 even\">\n\t<td class=\"column-1\"><\/td>\n<\/tr>\n<tr class=\"row-57 odd\">\n\t<td class=\"column-1\"><b><center>Grupo de Trabalho Estat\u00edsticas Econ\u00f4micas e An\u00e1lise Conjuntural<\/center><\/b><\/td>\n<\/tr>\n<tr class=\"row-58 even\">\n\t<td class=\"column-1\"><center>Daniela Teixeira Dias<\/center><\/td>\n<\/tr>\n<tr class=\"row-59 odd\">\n\t<td class=\"column-1\"><center>Homero Jos\u00e9 Figliolini<\/center><\/td>\n<\/tr>\n<tr class=\"row-60 even\">\n\t<td class=\"column-1\"><center>Ezequiel Resende Martins<\/center><\/td>\n<\/tr>\n<tr class=\"row-61 odd\">\n\t<td class=\"column-1\"><center>Eliamar Jos\u00e9 de Oliveira<\/center><\/td>\n<\/tr>\n<tr class=\"row-62 even\">\n\t<td class=\"column-1\"><\/td>\n<\/tr>\n<tr class=\"row-63 odd\">\n\t<td class=\"column-1\"><b><center>Universit\u00e1ria<\/center><\/b><\/td>\n<\/tr>\n<tr class=\"row-64 even\">\n\t<td class=\"column-1\"><center>Eduardo Jos\u00e9 M. Felipe<\/center><\/td>\n<\/tr>\n<tr class=\"row-65 odd\">\n\t<td class=\"column-1\"><center>Holger de Ara\u00fajo Heimbach<\/center><\/td>\n<\/tr>\n<\/tbody>\n<\/table>\n<!-- #tablepress-13 from cache -->\n","protected":false},"excerpt":{"rendered":"","protected":false},"author":1,"featured_media":0,"parent":0,"menu_order":0,"comment_status":"closed","ping_status":"closed","template":"","meta":{"footnotes":""},"_links":{"self":[{"href":"https:\/\/coreconms.org.br\/portal-transparencia\/wp-json\/wp\/v2\/pages\/111"}],"collection":[{"href":"https:\/\/coreconms.org.br\/portal-transparencia\/wp-json\/wp\/v2\/pages"}],"about":[{"href":"https:\/\/coreconms.org.br\/portal-transparencia\/wp-json\/wp\/v2\/types\/page"}],"author":[{"embeddable":true,"href":"https:\/\/coreconms.org.br\/portal-transparencia\/wp-json\/wp\/v2\/users\/1"}],"replies":[{"embeddable":true,"href":"https:\/\/coreconms.org.br\/portal-transparencia\/wp-json\/wp\/v2\/comments?post=111"}],"version-history":[{"count":5,"href":"https:\/\/coreconms.org.br\/portal-transparencia\/wp-json\/wp\/v2\/pages\/111\/revisions"}],"predecessor-version":[{"id":572,"href":"https:\/\/coreconms.org.br\/portal-transparencia\/wp-json\/wp\/v2\/pages\/111\/revisions\/572"}],"wp:attachment":[{"href":"https:\/\/coreconms.org.br\/portal-transparencia\/wp-json\/wp\/v2\/media?parent=111"}],"curies":[{"name":"wp","href":"https:\/\/api.w.org\/{rel}","templated":true}]}}