{"id":2167,"date":"2025-10-03T15:29:31","date_gmt":"2025-10-03T18:29:31","guid":{"rendered":"https:\/\/coreconms.org.br\/portal-transparencia\/?page_id=2167"},"modified":"2025-10-03T15:29:31","modified_gmt":"2025-10-03T18:29:31","slug":"legislacao","status":"publish","type":"page","link":"https:\/\/coreconms.org.br\/portal-transparencia\/legislacao\/","title":{"rendered":"Legisla\u00e7\u00e3o"},"content":{"rendered":"\n<p><strong>Consolida\u00e7\u00e3o da Legisla\u00e7\u00e3o da Profiss\u00e3o de Economista<\/strong><\/p>\n\n\n\n<p><strong>&nbsp;&nbsp;T\u00cdTULO I<\/strong><\/p>\n\n\n\n<figure class=\"wp-block-table\"><table><tbody><tr><td><strong>1 \u2013 Estrutura do sistema normativo da profiss\u00e3o<\/strong><\/td><\/tr><tr><td><strong>1.1 \u2013&nbsp;<a href=\"https:\/\/cofecon.org\/transparencia\/files\/consolidacao\/1.1.pdf\" target=\"_blank\" rel=\"noreferrer noopener\">Hierarquia e interpreta\u00e7\u00e3o das normas da profiss\u00e3o<\/a><\/strong><\/td><\/tr><tr><td><strong>1.2 \u2013&nbsp;<a href=\"https:\/\/cofecon.org\/transparencia\/files\/consolidacao\/1.2.pdf\" target=\"_blank\" rel=\"noreferrer noopener\">O processo de edi\u00e7\u00e3o, atualiza\u00e7\u00e3o e consolida\u00e7\u00e3o do sistema normativo<\/a><\/strong><\/td><\/tr><\/tbody><\/table><\/figure>\n\n\n\n<p><strong>T\u00cdTULO&nbsp;II<\/strong><\/p>\n\n\n\n<figure class=\"wp-block-table\"><table><tbody><tr><td><strong>2 \u2013 A profiss\u00e3o de economista \u2013 o acesso \u00e0 profiss\u00e3o e o campo profissional<\/strong><\/td><\/tr><tr><td><strong>2.1 \u2013<a href=\"https:\/\/cofecon.org\/transparencia\/files\/consolidacao\/2.1.pdf\" target=\"_blank\" rel=\"noreferrer noopener\">&nbsp;Os requisitos para acesso \u00e0 profiss\u00e3o<\/a><\/strong><\/td><\/tr><tr><td><strong>2.2 \u2013&nbsp;<a href=\"https:\/\/cofecon.org\/transparencia\/files\/consolidacao\/2.2.pdf\" target=\"_blank\" rel=\"noreferrer noopener\">Crit\u00e9rios b\u00e1sicos para enquadramento de atividades,cargos, empregos e contratos no campo profissional do economista<\/a><\/strong><\/td><\/tr><tr><td><strong>2.3 \u2013 O campo profissional do economista<\/strong><\/td><\/tr><tr><td><strong>2.3.1 \u2013&nbsp;<a href=\"https:\/\/cofecon.org\/transparencia\/files\/consolidacao\/2.3.1.pdf\" target=\"_blank\" rel=\"noreferrer noopener\">As atividades desempenhadas pelo economista<\/a><\/strong><\/td><\/tr><tr><td><strong>2.3.2 \u2013&nbsp;<a href=\"https:\/\/cofecon.org\/transparencia\/files\/consolidacao\/2.3.2.pdf\" target=\"_blank\" rel=\"noreferrer noopener\">As modalidades e instrumentos do trabalho do economista<\/a><\/strong><\/td><\/tr><tr><td><strong>2.3.2.1 \u2013 Anota\u00e7\u00f5es de Responsabilidade T\u00e9cnica \u2013 ARTs \u2013<\/strong><strong><a href=\"https:\/\/cofecon.org\/transparencia\/files\/atos_normativos\/Res\/2011\/Res-2011(12).pdf\" target=\"_blank\" rel=\"noreferrer noopener\">Resolu\u00e7\u00e3o 1.852\/2011<\/a><\/strong><\/td><\/tr><tr><td><strong>2.4 \u2013&nbsp;<a href=\"https:\/\/cofecon.org\/transparencia\/files\/consolidacao\/2.4.pdf\" target=\"_blank\" rel=\"noreferrer noopener\">Incorpora\u00e7\u00e3o do estudante de economia \u00e0s atividades profissionais<\/a><\/strong><\/td><\/tr><tr><td><strong>2.5 \u2013 Valora\u00e7\u00e3o dos Honor\u00e1rios&nbsp;Profissionais \u2013 VHTE \u2013&nbsp;<a href=\"https:\/\/cofecon.org\/transparencia\/files\/atos_normativos\/Res\/2012\/Res-2012(3).pdf\" target=\"_blank\" rel=\"noreferrer noopener\">Resolu\u00e7\u00e3o 1.868\/2012<\/a><\/strong><\/td><\/tr><tr><td><strong>2.6 \u2013 S\u00edmbolo e juramento da profiss\u00e3o \u2013&nbsp;<a href=\"https:\/\/cofecon.org\/transparencia\/files\/atos_normativos\/Res\/2015\/Res-2015(19).pdf\">Resolu\u00e7\u00e3o 1.939\/2015<\/a><\/strong><\/td><\/tr><\/tbody><\/table><\/figure>\n\n\n\n<p><strong>T\u00cdTULO&nbsp;III<\/strong><\/p>\n\n\n\n<figure class=\"wp-block-table\"><table><tbody><tr><td><strong>3 \u2013 A profiss\u00e3o de economista \u2013 a \u00e9tica da profiss\u00e3o<\/strong><\/td><\/tr><tr><td><strong>3.1 \u2013&nbsp;<a href=\"https:\/\/cofecon.org\/transparencia\/files\/consolidacao\/3.1.pdf\" target=\"_blank\" rel=\"noreferrer noopener\">C\u00f3digo de \u00e9tica profissional do economista<\/a><\/strong><\/td><\/tr><\/tbody><\/table><\/figure>\n\n\n\n<p><strong>T\u00cdTULO&nbsp;IV<\/strong><\/p>\n\n\n\n<figure class=\"wp-block-table\"><table><tbody><tr><td><strong>4 \u2013 A profiss\u00e3o de economista \u2013 o conte\u00fado t\u00e9cnico do desempenho profissional<\/strong><\/td><\/tr><tr><td><strong>4.1 \u2013&nbsp;<a href=\"https:\/\/cofecon.org\/transparencia\/files\/consolidacao\/4.1.pdf\" target=\"_blank\" rel=\"noreferrer noopener\">Regras gerais e estrutura das normas t\u00e9cnicas<\/a><\/strong><\/td><\/tr><tr><td><strong>4.2 \u2013 Normas t\u00e9cnicas espec\u00edficas<\/strong><\/td><\/tr><tr><td><strong>4.2.1 \u2013<a href=\"https:\/\/cofecon.org\/transparencia\/files\/consolidacao\/4.2.1.pdf\" target=\"_blank\" rel=\"noreferrer noopener\">&nbsp;Regulamenta\u00e7\u00e3o de Per\u00edcia Judicial e Extrajudicial Econ\u00f4mica e Financeira<\/a><\/strong><\/td><\/tr><tr><td><strong>4.3 \u2013<a href=\"https:\/\/cofecon.org\/transparencia\/files\/consolidacao\/4.3.pdf\" target=\"_blank\" rel=\"noreferrer noopener\">&nbsp;Certifica\u00e7\u00e3o de compet\u00eancias por especialidade profissional<\/a><\/strong><\/td><\/tr><tr><td><strong>4.4 \u2013<a href=\"https:\/\/cofecon.org\/transparencia\/files\/atos_normativos\/Res\/2016\/Res-2016(3).pdf\" target=\"_blank\" rel=\"noreferrer noopener\">&nbsp;Cadastro Nacional de Peritos de Economia e Finan\u00e7as do Conselho Federal de Economia- Resolu\u00e7\u00e3o 1.951\/2016<\/a><\/strong><\/td><\/tr><\/tbody><\/table><\/figure>\n\n\n\n<p><strong>T\u00cdTULO&nbsp;V<\/strong><\/p>\n\n\n\n<figure class=\"wp-block-table\"><table><tbody><tr><td><strong>5 \u2013 Do Sistema Conselho Federal de Economia e Conselhos Regionais de Economia<\/strong><\/td><\/tr><tr><td><strong>5.1 \u2013 Estrutura e organiza\u00e7\u00e3o dos Conselhos<\/strong><\/td><\/tr><tr><td><strong>5.1.0 \u2013&nbsp;<a href=\"https:\/\/cofecon.org\/transparencia\/files\/consolidacao\/5.1.0.pdf\" target=\"_blank\" rel=\"noreferrer noopener\">Princ\u00edpios gerais<\/a><\/strong><\/td><\/tr><tr><td><strong>5.1.1 \u2013 COFECON- Regimento Interno \u2013<a href=\"https:\/\/cofecon.org\/transparencia\/files\/atos_normativos\/Res\/2010\/Res-2010%2814%29.pdf\" target=\"_blank\" rel=\"noreferrer noopener\">Resolu\u00e7\u00e3o 1.832\/2010<\/a><\/strong><\/td><\/tr><tr><td><strong>5.1.2 \u2013 CORECONs \u2013 Modelo de Regimento Interno \u2013&nbsp;<a href=\"https:\/\/cofecon.org\/transparencia\/files\/atos_normativos\/Res\/2010\/Res-2010(19).pdf\">Resolu\u00e7\u00e3o 1.837\/2010<\/a><\/strong><\/td><\/tr><tr><td><strong>5.1.3 \u2013 Reuni\u00f5es de car\u00e1ter institucional<\/strong><\/td><\/tr><tr><td><strong>5.1.3.1 \u2013&nbsp;<a href=\"https:\/\/cofecon.org\/transparencia\/files\/atos_normativos\/Res\/2012\/Res-2012(5)_1.pdf\" target=\"_blank\" rel=\"noreferrer noopener\">Simp\u00f3sio Nacional dos Conselhos de Economia (Since) \u2013 Resolu\u00e7\u00e3o n\u00ba 1.870\/2012<\/a><\/strong><\/td><\/tr><tr><td><strong>5.1.3.2 \u2013&nbsp;<a href=\"https:\/\/cofecon.org\/transparencia\/files\/atos_normativos\/Res\/2013\/Res-2013(17).pdf\" target=\"_blank\" rel=\"noreferrer noopener\">Congresso Brasileiro de Economia \u2013 CBE \u2013 Resolu\u00e7\u00e3o n\u00ba 1.903<\/a><\/strong><\/td><\/tr><tr><td><strong>5.1.3.3 \u2013 Encontros de Funcion\u00e1rios do Sistema Cofecon\/Corecons \u2013&nbsp;<a href=\"https:\/\/cofecon.org\/transparencia\/files\/consolidacao\/5.1.3.3.pdf\">Resolu\u00e7\u00e3o 1.851\/2011<\/a><\/strong><\/td><\/tr><tr><td><strong>5.1.4 \u2013&nbsp;<a href=\"https:\/\/cofecon.org\/transparencia\/files\/consolidacao\/5.1.4.pdf\" target=\"_blank\" rel=\"noreferrer noopener\">Coopera\u00e7\u00e3o entre Conselhos<\/a><\/strong><\/td><\/tr><tr><td><strong>5.2 \u2013&nbsp;<a href=\"https:\/\/cofecon.org\/transparencia\/files\/atos_normativos\/Res\/2011\/Res-2011(10).pdf\" target=\"_blank\" rel=\"noreferrer noopener\">Manual de Procedimentos Administrativos do Sistema COFECON\/CORECONs \u2013 Resolu\u00e7\u00e3o 1.851\/2011<\/a><\/strong><\/td><\/tr><tr><td><strong>5.3 \u2013&nbsp;<a href=\"https:\/\/cofecon.org\/transparencia\/files\/atos_normativos\/Res\/2011\/Res-2011(11).pdf\" target=\"_blank\" rel=\"noreferrer noopener\">Manual de Arrecada\u00e7\u00e3o do Sistema COFECON\/CORECONs \u2013 Resolu\u00e7\u00e3o 1.853\/2011<\/a><\/strong><\/td><\/tr><tr><td><strong>5.4 \u2013&nbsp;<a href=\"https:\/\/cofecon.org\/transparencia\/files\/atos_normativos\/Res\/2010\/Res-2010(24).pdf\" target=\"_blank\" rel=\"noreferrer noopener\">Manual de Procedimentos Cont\u00e1beis e Financeiros \u2013 Resolu\u00e7\u00e3o n\u00ba 1.841\/2010<\/a><\/strong><\/td><\/tr><\/tbody><\/table><\/figure>\n\n\n\n<p><strong>T\u00cdTULO&nbsp;VI<\/strong><\/p>\n\n\n\n<figure class=\"wp-block-table\"><table><tbody><tr><td><strong>6 \u2013 O processo de regulamenta\u00e7\u00e3o e controle profissional<\/strong><\/td><\/tr><tr><td><strong>6.1 \u2013 Os procedimentos de registro profissional<\/strong><\/td><\/tr><tr><td><strong>6.1.1 \u2013 Normativo de Procedimentos de Registro Profissional \u2013&nbsp;<a href=\"https:\/\/cofecon.org\/transparencia\/files\/atos_normativos\/Res\/2015\/Res-2015(25).pdf\">Resolu\u00e7\u00e3o n\u00ba 1.945\/2015<\/a><\/strong><\/td><\/tr><tr><td><strong>6.1.1.1 \u2013 Emiss\u00e3o de Credencial de Estudante \u2013&nbsp;<a href=\"https:\/\/cofecon.org\/transparencia\/files\/consolidacao\/6.1.1.1.pdf\">Art. 27 da Resolu\u00e7\u00e3o n\u00ba 1945\/2015<\/a><\/strong><\/td><\/tr><tr><td><strong>6.1.2 \u2013&nbsp;Normativo de Procedimentos de&nbsp;registro para pessoas jur\u00eddicas \u2013&nbsp;<a href=\"https:\/\/cofecon.org\/transparencia\/files\/atos_normativos\/Res\/2012\/Res-2012(15).pdf\">Resolu\u00e7\u00e3o n\u00ba 1880\/2012<\/a><\/strong><\/td><\/tr><tr><td><strong>6.1.3 \u2013&nbsp;<a href=\"https:\/\/cofecon.org\/transparencia\/files\/consolidacao\/6.1.3.pdf\" target=\"_blank\" rel=\"noreferrer noopener\">Procedimentos de Registro de documentos t\u00e9cnicos e emiss\u00e3o de certid\u00f5es<\/a><\/strong><\/td><\/tr><tr><td><strong>6.1.4 \u2013&nbsp;<a href=\"https:\/\/cofecon.org\/transparencia\/files\/atos_normativos\/Res\/2024\/Res2024-2149.pdf\" target=\"_blank\" rel=\"noreferrer noopener\">Modelos das carteiras de identidade profissional emitidas no \u00e2mbito do Sistema<\/a><\/strong><\/td><\/tr><tr><td><strong>6.2 \u2013&nbsp;<a href=\"https:\/\/cofecon.org\/transparencia\/files\/consolidacao\/6.2.pdf\" target=\"_blank\" rel=\"noreferrer noopener\">Os procedimentos de fiscaliza\u00e7\u00e3o profissional<\/a><\/strong><\/td><\/tr><tr><td><strong>6.3 \u2013&nbsp;<a href=\"https:\/\/cofecon.org\/transparencia\/files\/consolidacao\/6.3.pdf\" target=\"_blank\" rel=\"noreferrer noopener\">Os procedimentos de julgamento \u00e9tico-profissional<\/a><\/strong><\/td><\/tr><tr><td><strong>6.4 \u2013 Os procedimentos eleitorais \u2013&nbsp;<a href=\"https:\/\/cofecon.org\/transparencia\/files\/atos_normativos\/Res\/2017\/Res-2017(20).pdf\" target=\"_blank\" rel=\"noreferrer noopener\">Resolu\u00e7\u00e3o 1.981\/2017<\/a><\/strong><\/td><\/tr><tr><td><strong>6.5 \u2013&nbsp;<a href=\"https:\/\/cofecon.org\/transparencia\/files\/consolidacao\/6.5.pdf\" target=\"_blank\" rel=\"noreferrer noopener\">Os procedimentos de recurso<\/a><\/strong><\/td><\/tr><tr><td><strong>6.6 \u2013 Diretrizes de padroniza\u00e7\u00e3o de Registro \u2013&nbsp;<a href=\"https:\/\/cofecon.org\/transparencia\/files\/atos_normativos\/Res\/2022\/Res2022-2119.pdf\" target=\"_blank\" rel=\"noreferrer noopener\">Resolu\u00e7\u00e3o n\u00ba 2.119\/2022<\/a><\/strong><\/td><\/tr><\/tbody><\/table><\/figure>\n\n\n\n<p><strong>T\u00cdTULO&nbsp;VII<\/strong><\/p>\n\n\n\n<figure class=\"wp-block-table\"><table><tbody><tr><td><strong>7 \u2013 As outras formas de interven\u00e7\u00e3o da profiss\u00e3o organizada no contexto social brasileiro<\/strong><\/td><\/tr><tr><td><strong>7.1 \u2013 As iniciativas de di\u00e1logo e debate dos problemas econ\u00f4micos e sociais<\/strong><\/td><\/tr><tr><td><strong>7.1.1 \u2013<a href=\"https:\/\/cofecon.org\/transparencia\/files\/atos_normativos\/Res\/2013\/Res-2013(10).pdf\" target=\"_blank\" rel=\"noreferrer noopener\">&nbsp;A promo\u00e7\u00e3o e o apoio a eventos \u2013 Resolu\u00e7\u00e3o n\u00ba 1.896\/2013<\/a><\/strong><\/td><\/tr><tr><td><strong>7.1.2 \u2013&nbsp;<a href=\"https:\/\/cofecon.org\/transparencia\/files\/consolidacao\/7.1.2.pdf\" target=\"_blank\" rel=\"noreferrer noopener\">Os pronunciamentos dos \u00f3rg\u00e3os da profiss\u00e3o sobre temas econ\u00f4micos ou sociais<\/a><\/strong><\/td><\/tr><tr><td><strong>7.1.3 \u2013&nbsp;<a href=\"https:\/\/cofecon.org\/transparencia\/files\/atos_normativos\/Res\/2013\/Res-2013(6).pdf\" target=\"_blank\" rel=\"noreferrer noopener\">Pr\u00eamios, homenagens e comendas \u2013&nbsp; Resolu\u00e7\u00e3o n\u00ba 1.892\/2013<\/a><\/strong><\/td><\/tr><tr><td><strong>7.1.4 \u2013&nbsp;<a href=\"https:\/\/cofecon.org\/transparencia\/files\/atos_normativos\/Res\/2017\/Res-2017(8).pdf\" target=\"_blank\" rel=\"noreferrer noopener\">Desafio Quero Ser Economista \u2013&nbsp; Resolu\u00e7\u00e3o n\u00ba 1.969\/2017<\/a><\/strong><\/td><\/tr><\/tbody><\/table><\/figure>\n\n\n\n<p><strong>T\u00cdTULO&nbsp;X<\/strong><\/p>\n\n\n\n<figure class=\"wp-block-table\"><table><tbody><tr><td><strong>10 \u2013 Notas T\u00e9cnicas<\/strong><\/td><\/tr><tr><td><strong>10.1 \u2013&nbsp;<a href=\"https:\/\/cofecon.org\/transparencia\/files\/consolidacao\/10.1.pdf\" target=\"_blank\" rel=\"noreferrer noopener\">Crit\u00e9rios de enquadramento \u2013 compatibilidade entre a legisla\u00e7\u00e3o profissional e a legisla\u00e7\u00e3o relativa a cargos ou empregos<\/a><\/strong><\/td><\/tr><tr><td><strong>10.2 \u2013&nbsp;<a href=\"https:\/\/cofecon.org\/transparencia\/files\/consolidacao\/10.2.pdf\" target=\"_blank\" rel=\"noreferrer noopener\">Nota T\u00e9cnica 2 \u2013 Atividades desempenhadas pelo economista \u2013 empresas financeiras<\/a><\/strong><\/td><\/tr><tr><td><strong>10.3 \u2013&nbsp;<a href=\"https:\/\/cofecon.org\/transparencia\/files\/consolidacao\/10.3.pdf\" target=\"_blank\" rel=\"noreferrer noopener\">Princ\u00edpios de legitimidade da miss\u00e3o institucional dos Conselhos<\/a><\/strong><\/td><\/tr><tr><td><strong>10.4 \u2013&nbsp;<a href=\"https:\/\/cofecon.org\/transparencia\/files\/consolidacao\/10.4.pdf\" target=\"_blank\" rel=\"noreferrer noopener\">Atividades desempenhadas pelo economista \u2013 auditoria<\/a><\/strong><\/td><\/tr><tr><td><strong>10.5 \u2013&nbsp;<a href=\"https:\/\/cofecon.org\/transparencia\/files\/consolidacao\/10.5.pdf\" target=\"_blank\" rel=\"noreferrer noopener\">Natureza dos instrumentos: Auto de infra\u00e7\u00e3o e Notifica\u00e7\u00e3o<\/a><\/strong><\/td><\/tr><\/tbody><\/table><\/figure>\n\n\n\n<p><\/p>\n\n\n\n<h1 class=\"wp-block-heading\">Legisla\u00e7\u00e3o Aplicada<\/h1>\n\n\n\n<p><a href=\"https:\/\/cofecon.org.br\/transparencia\/?page_id=367\/\"><strong>Lei n.\u00ba 1.411, de 13 de agosto de 1951<\/strong><\/a><br><a href=\"https:\/\/cofecon.org.br\/transparencia\/?page_id=367\/\">Disp\u00f5e sobre a Profiss\u00e3o de Economista.<\/a><\/p>\n\n\n\n<p><a href=\"https:\/\/cofecon.org.br\/transparencia\/?page_id=371\/\"><strong>Decreto n.\u00ba 31.794, de 17 de novembro de 1952<\/strong><\/a><br><a href=\"https:\/\/cofecon.org.br\/transparencia\/?page_id=371\/\">Disp\u00f5e sobre a regulamenta\u00e7\u00e3o do exerc\u00edcio da profiss\u00e3o de economista, regida pela Lei n\u00ba 1.411, de 13.08.1951, e d\u00e1 outras provid\u00eancias.<\/a><\/p>\n\n\n\n<p><a href=\"https:\/\/cofecon.org.br\/transparencia\/?page_id=374\/\"><strong>Lei n.\u00ba 6.021, de 03 de janeiro de 1974<\/strong><\/a><br><a href=\"https:\/\/cofecon.org.br\/transparencia\/?page_id=374\/\">Altera dispositivos da Lei n.\u00ba 1.411, de 13.08.1951, que disp\u00f5e sobre a profiss\u00e3o de economista; atualiza valores das anuidades, taxas e multas, subordinando as a percentuais do maior sal\u00e1rio m\u00ednimo, e altera a denomina\u00e7\u00e3o dos Conselhos Federal e Regionais.<\/a><\/p>\n\n\n\n<p><a href=\"https:\/\/cofecon.org.br\/transparencia\/?page_id=386\/\"><strong>Lei n.\u00ba 6.206, de 07 de maio de 1975<\/strong><\/a><br><a href=\"https:\/\/cofecon.org.br\/transparencia\/?page_id=386\/\">D\u00e1 valor de documento de identidade \u00e0s carteiras expedidas pelos \u00f3rg\u00e3os fiscalizadores de exerc\u00edcio profissional e d\u00e1 outras provid\u00eancias.<\/a><\/p>\n\n\n\n<p><a href=\"https:\/\/cofecon.org.br\/transparencia\/?page_id=390\/\"><strong>Lei n.\u00ba 6.537, de 19 de junho de 1978<\/strong><\/a><br><a href=\"https:\/\/cofecon.org.br\/transparencia\/?page_id=390\/\">Altera dispositivos da Lei n.\u00ba 1.411, de 13.08.1951, que disp\u00f5e sobre a profiss\u00e3o de Economista.<\/a><\/p>\n\n\n\n<p><a href=\"https:\/\/cofecon.org.br\/transparencia\/?page_id=394\/\"><strong>Lei n\u00ba 6.839, de 30 de outubro de 1980<\/strong><\/a><br><a href=\"https:\/\/cofecon.org.br\/transparencia\/?page_id=394\/\">Disp\u00f5e sobre o registro de empresas nas entidades fiscalizadoras do exerc\u00edcio de profiss\u00f5es.<\/a><\/p>\n\n\n\n<p><a href=\"https:\/\/www.planalto.gov.br\/ccivil_03\/_ato2011-2014\/2011\/lei\/l12514.htm\"><strong>Lei n.\u00ba 12.514, de 28 de outubro de 2011<\/strong><\/a><br><a href=\"https:\/\/www.planalto.gov.br\/ccivil_03\/_ato2011-2014\/2011\/lei\/l12514.htm\">D\u00e1 nova reda\u00e7\u00e3o ao art. 4\u00ba da Lei n\u00ba 6.932, de 7 de julho de 1981, que disp\u00f5e sobre as atividades do m\u00e9dico-residente e trata das contribui\u00e7\u00f5es devidas aos conselhos profissionais em geral.<\/a><\/p>\n","protected":false},"excerpt":{"rendered":"<p>Consolida\u00e7\u00e3o da Legisla\u00e7\u00e3o da Profiss\u00e3o de Economista &nbsp;&nbsp;T\u00cdTULO I 1 \u2013 Estrutura do sistema normativo da profiss\u00e3o 1.1 \u2013&nbsp;Hierarquia e interpreta\u00e7\u00e3o das normas da profiss\u00e3o 1.2 \u2013&nbsp;O processo de edi\u00e7\u00e3o, atualiza\u00e7\u00e3o e consolida\u00e7\u00e3o do sistema normativo T\u00cdTULO&nbsp;II 2 \u2013 A profiss\u00e3o de economista \u2013 o acesso \u00e0 profiss\u00e3o e o campo profissional 2.1 \u2013&nbsp;Os requisitos &hellip; <a href=\"https:\/\/coreconms.org.br\/portal-transparencia\/legislacao\/\" class=\"more-link\">Continue reading <span class=\"screen-reader-text\">Legisla\u00e7\u00e3o<\/span><\/a><\/p>\n","protected":false},"author":1,"featured_media":0,"parent":0,"menu_order":0,"comment_status":"closed","ping_status":"closed","template":"","meta":{"footnotes":""},"_links":{"self":[{"href":"https:\/\/coreconms.org.br\/portal-transparencia\/wp-json\/wp\/v2\/pages\/2167"}],"collection":[{"href":"https:\/\/coreconms.org.br\/portal-transparencia\/wp-json\/wp\/v2\/pages"}],"about":[{"href":"https:\/\/coreconms.org.br\/portal-transparencia\/wp-json\/wp\/v2\/types\/page"}],"author":[{"embeddable":true,"href":"https:\/\/coreconms.org.br\/portal-transparencia\/wp-json\/wp\/v2\/users\/1"}],"replies":[{"embeddable":true,"href":"https:\/\/coreconms.org.br\/portal-transparencia\/wp-json\/wp\/v2\/comments?post=2167"}],"version-history":[{"count":1,"href":"https:\/\/coreconms.org.br\/portal-transparencia\/wp-json\/wp\/v2\/pages\/2167\/revisions"}],"predecessor-version":[{"id":2168,"href":"https:\/\/coreconms.org.br\/portal-transparencia\/wp-json\/wp\/v2\/pages\/2167\/revisions\/2168"}],"wp:attachment":[{"href":"https:\/\/coreconms.org.br\/portal-transparencia\/wp-json\/wp\/v2\/media?parent=2167"}],"curies":[{"name":"wp","href":"https:\/\/api.w.org\/{rel}","templated":true}]}}