{"id":610,"date":"2020-08-02T20:42:35","date_gmt":"2020-08-02T23:42:35","guid":{"rendered":"http:\/\/coreconms.org.br\/portal-transparencia\/?page_id=610"},"modified":"2020-08-03T21:48:06","modified_gmt":"2020-08-04T00:48:06","slug":"portarias","status":"publish","type":"page","link":"https:\/\/coreconms.org.br\/portal-transparencia\/portarias\/","title":{"rendered":"Portarias"},"content":{"rendered":"\n<table id=\"tablepress-17\" class=\"tablepress tablepress-id-17\">\n<tbody class=\"row-hover\">\n<tr class=\"row-1 odd\">\n\t<td class=\"column-1\"><center><b>2026<\/center><\/b><\/td>\n<\/tr>\n<tr class=\"row-2 even\">\n\t<td class=\"column-1\"><a href=\"https:\/\/coreconms.org.br\/portal-transparencia\/wp-content\/uploads\/2026\/04\/Portaria-3-nomea-ASSESSOR.pdf\">N\u00ba. 03\/2026 Nomeia Guilherme Maia Cintra para cargo de Assessor<\/a><\/a><\/td>\n<\/tr>\n<tr class=\"row-3 odd\">\n\t<td class=\"column-1\"><a href=\"https:\/\/coreconms.org.br\/portal-transparencia\/wp-content\/uploads\/2026\/04\/Portaria-02-Licitacao-1.pdf\">N\u00ba. 02\/2026 Licita\u00e7\u00e3o<\/a><\/a><\/td>\n<\/tr>\n<tr class=\"row-4 even\">\n\t<td class=\"column-1\"><a href=\"https:\/\/coreconms.org.br\/portal-transparencia\/wp-content\/uploads\/2026\/04\/Portaria-1-nomeacao-Tesoureiro.pdf\">N\u00ba. 01\/2026 Nomeia Regiane Ded\u00e9 de Oliveira para cargo de Conselheira Efetiva<\/a><\/a><\/td>\n<\/tr>\n<tr class=\"row-5 odd\">\n\t<td class=\"column-1\"><center><b>2025<\/center><\/b><\/td>\n<\/tr>\n<tr class=\"row-6 even\">\n\t<td class=\"column-1\"><a href=\"https:\/\/coreconms.org.br\/portal-transparencia\/wp-content\/uploads\/2025\/12\/Portaria-5-nomea-Guilherme-Cintra-para-o-cargo-de-ASSESSOR.pdf\">N\u00ba. 05\/2025 Nomeia Guilherme Maia Cintra para cargo de Assessor<\/a><\/a><\/td>\n<\/tr>\n<tr class=\"row-7 odd\">\n\t<td class=\"column-1\"><a href=\"https:\/\/coreconms.org.br\/portal-transparencia\/wp-content\/uploads\/2025\/12\/Portaria-4-Exonera-Arthur-Mancilla.pdf\">N\u00ba. 04\/2025 Exonera Arthur Mancilla<\/a><\/a><\/td>\n<\/tr>\n<tr class=\"row-8 even\">\n\t<td class=\"column-1\"><a href=\"https:\/\/coreconms.org.br\/portal-transparencia\/wp-content\/uploads\/2025\/12\/Portaria-3-nomea-Arthur-para-o-cargo-de-ASSESSOR.pdf\">N\u00ba. 03\/2025 Nomeia Arthur Mancilla para cargo de Assessor<\/a><\/a><\/td>\n<\/tr>\n<tr class=\"row-9 odd\">\n\t<td class=\"column-1\"><a href=\"https:\/\/coreconms.org.br\/portal-transparencia\/wp-content\/uploads\/2025\/12\/Portaria-02-Licitacao.pdf\">N\u00ba. 02\/2025 Licita\u00e7\u00e3o<\/a><\/a><\/td>\n<\/tr>\n<tr class=\"row-10 even\">\n\t<td class=\"column-1\"><a href=\"https:\/\/coreconms.org.br\/portal-transparencia\/wp-content\/uploads\/2025\/12\/Portaria-1-nomeacao-Fabio-Ferreira-Junior.pdf\">N\u00ba. 01\/2025 Nomea\u00e7\u00e3o F\u00e1bio Ferreira J\u00fanior<\/a><\/a><\/td>\n<\/tr>\n<tr class=\"row-11 odd\">\n\t<td class=\"column-1\"><center><b>2024<\/center><\/b><\/td>\n<\/tr>\n<tr class=\"row-12 even\">\n\t<td class=\"column-1\"><a href=\"https:\/\/coreconms.org.br\/portal-transparencia\/wp-content\/uploads\/2024\/05\/Portaria-05-designacao-do-relator.pdf\">N\u00ba. 05\/2024 Designa Conselheiro Relator para an\u00e1lise de admissibilidade<\/a><\/a><\/td>\n<\/tr>\n<tr class=\"row-13 odd\">\n\t<td class=\"column-1\"><a href=\"https:\/\/coreconms.org.br\/portal-transparencia\/wp-content\/uploads\/2024\/05\/Portaria-04-Abertura-Pr.etico_.pdf\">N\u00ba. 04\/2024 - Determina a abertura de Processo \u00c9tico Disciplinar<\/a><\/a><\/td>\n<\/tr>\n<tr class=\"row-14 even\">\n\t<td class=\"column-1\"><a href=\"https:\/\/coreconms.org.br\/portal-transparencia\/wp-content\/uploads\/2024\/05\/Portaria-03-Revisao-dos-vencimentos-dos-funcionarios-do-Corecon-MS.pdf\">N\u00ba. 03\/2024 - Disp\u00f5e sobre a revis\u00e3o dos vencimentos dos funcion\u00e1rios do CORECON-MS<\/a><\/a><\/td>\n<\/tr>\n<tr class=\"row-15 odd\">\n\t<td class=\"column-1\"><a href=\"https:\/\/coreconms.org.br\/portal-transparencia\/wp-content\/uploads\/2024\/02\/Portaria-02-Grupo-de-apoio-Licitacao.pdf\">N\u00ba. 02\/2024 - Designa o Agente de Contrata\u00e7\u00e3o, a Equipe de apoio, o Pregoeiro Oficial e o respons\u00e1vel pela condu\u00e7\u00e3o de procedimentos de Dispensa Eletr\u00f4nica por meio do Portal de Compras do Governo Federal.<\/a><\/a><\/td>\n<\/tr>\n<tr class=\"row-16 even\">\n\t<td class=\"column-1\"><a href=\"https:\/\/coreconms.org.br\/portal-transparencia\/wp-content\/uploads\/2024\/02\/Portaria-1-nomeacao-Jorge.pdf\">N\u00ba. 1\/2024 - Nomeia Jorge Tadeu de Barros Veneza como tesoureiro do CORECON MS.<\/a><\/a><\/td>\n<\/tr>\n<tr class=\"row-17 odd\">\n\t<td class=\"column-1\"><center><b>2023<\/center><\/b><\/td>\n<\/tr>\n<tr class=\"row-18 even\">\n\t<td class=\"column-1\"><a href=\"http:\/\/coreconms.org.br\/portal-transparencia\/wp-content\/uploads\/2023\/03\/Portaria-3.pdf\">N\u00ba. 3\/2023 - Disp\u00f5e sobre a revis\u00e3o dos vencimentos dos funcion\u00e1rios do Corecon-MS.<\/a><\/a><\/td>\n<\/tr>\n<tr class=\"row-19 odd\">\n\t<td class=\"column-1\"><a href=\"http:\/\/coreconms.org.br\/portal-transparencia\/wp-content\/uploads\/2023\/01\/Portaria-2-Comissao_Licitacao.pdf\">N\u00ba. 2\/2023 - Nomeia a Comiss\u00e3o Permanente de Licita\u00e7\u00f5es do CORECON-MS e d\u00e1 outras provid\u00eancias.<\/a><\/a><\/td>\n<\/tr>\n<tr class=\"row-20 even\">\n\t<td class=\"column-1\"><a href=\"http:\/\/coreconms.org.br\/portal-transparencia\/wp-content\/uploads\/2023\/01\/Portaria-1-nomea\u00e7\u00e3o-Jorge.pdf\">N\u00ba. 1\/2023 - Nomeia Jorge Tadeu de Barros Veneza como tesoureiro do CORECON MS.<\/a><\/a><\/td>\n<\/tr>\n<tr class=\"row-21 odd\">\n\t<td class=\"column-1\"><center><b>2022<\/center><\/b><\/td>\n<\/tr>\n<tr class=\"row-22 even\">\n\t<td class=\"column-1\"><a href=\"http:\/\/coreconms.org.br\/portal-transparencia\/wp-content\/uploads\/2022\/05\/Portaria-3-2022-Revis\u00e3o-dos-vencimentos-dos-funcion\u00e1rios-do-Corecon-MS.pdf\">N\u00ba. 3\/2022 - Revis\u00e3o dos vencimentos dos funcion\u00e1rios do Corecon-MS<\/a><\/td>\n<\/tr>\n<tr class=\"row-23 odd\">\n\t<td class=\"column-1\"><a href=\"http:\/\/coreconms.org.br\/portal-transparencia\/wp-content\/uploads\/2022\/03\/Portaria-2-Comissao_Licitacao.pdf\">N\u00ba. 2\/2022 - Comiss\u00e3o Permanente de Licita\u00e7\u00f5es<\/a><\/td>\n<\/tr>\n<tr class=\"row-24 even\">\n\t<td class=\"column-1\"><a href=\"http:\/\/coreconms.org.br\/portal-transparencia\/wp-content\/uploads\/2022\/01\/Portaria-1-nomea\u00e7\u00e3o-Jorge-2022.pdf\">N\u00ba. 1\/2022 - Nomeia Jorge Tadeu de Barros Veneza como Tesoureiro<\/a><\/td>\n<\/tr>\n<tr class=\"row-25 odd\">\n\t<td class=\"column-1\"><center><b>2021<\/center><\/b><\/td>\n<\/tr>\n<tr class=\"row-26 even\">\n\t<td class=\"column-1\"><a href=\"http:\/\/coreconms.org.br\/portal-transparencia\/wp-content\/uploads\/2023\/04\/Portaria-4-Exonera-Daniel-Vasconcelos.pdf\">N\u00ba. 4\/2021 - Exonera Daniel Vasconcelos de Oliveira do Cargo de Assessor de Finan\u00e7as do Corecon-MS.<\/a><\/td>\n<\/tr>\n<tr class=\"row-27 odd\">\n\t<td class=\"column-1\"><a href=\"http:\/\/coreconms.org.br\/portal-transparencia\/wp-content\/uploads\/2021\/04\/N\u00ba.-3-2021-Revis\u00e3o-dos-vencimentos-dos-funcion\u00e1rios-do-Corecon-MS.pdf\">N\u00ba. 3\/2021 - Revis\u00e3o dos vencimentos dos funcion\u00e1rios do Corecon-MS<\/a><\/td>\n<\/tr>\n<tr class=\"row-28 even\">\n\t<td class=\"column-1\"><a href=\"http:\/\/coreconms.org.br\/portal-transparencia\/wp-content\/uploads\/2021\/04\/N\u00ba.-2-2021-Comiss\u00e3o-Permanente-de-Licita\u00e7\u00f5es.pdf\">N\u00ba. 2\/2021 - Comiss\u00e3o Permanente de Licita\u00e7\u00f5es<\/a><\/td>\n<\/tr>\n<tr class=\"row-29 odd\">\n\t<td class=\"column-1\"><a href=\"http:\/\/coreconms.org.br\/portal-transparencia\/wp-content\/uploads\/2021\/04\/N\u00ba.-1-2021-Nomeia-Jorge-Tadeu-de-Barros-Veneza-como-Tesoureiro.pdf\">N\u00ba. 1\/2021 - Nomeia Jorge Tadeu de Barros Veneza como Tesoureiro<\/a><\/td>\n<\/tr>\n<tr class=\"row-30 even\">\n\t<td class=\"column-1\"><center><b>2020<\/center><\/b><\/td>\n<\/tr>\n<tr class=\"row-31 odd\">\n\t<td class=\"column-1\"><a href=\"http:\/\/coreconms.org.br\/portal-transparencia\/wp-content\/uploads\/2020\/08\/Portaria-3-atualiza\u00e7\u00e3o-salarial.pdf\">N\u00ba. 3\/2020 - Revis\u00e3o dos vencimentos dos funcion\u00e1rios do CORECON-MS<\/a><\/td>\n<\/tr>\n<tr class=\"row-32 even\">\n\t<td class=\"column-1\"><a href=\"http:\/\/coreconms.org.br\/portal-transparencia\/wp-content\/uploads\/2020\/08\/Portaria-2-Comissao_Licitacao-1.pdf\">N\u00ba. 2\/2020 - Comiss\u00e3o Permanente de Licita\u00e7\u00f5es<\/a><\/td>\n<\/tr>\n<tr class=\"row-33 odd\">\n\t<td class=\"column-1\"><a href=\"http:\/\/coreconms.org.br\/portal-transparencia\/wp-content\/uploads\/2020\/08\/Portaria-1-nomea\u00e7\u00e3o-Jorge-1.pdf\">N\u00ba. 1\/2020 - Nomeia Jorge Tadeu de Barros Veneza como Tesoureiro<\/a><\/td>\n<\/tr>\n<tr class=\"row-34 even\">\n\t<td class=\"column-1\"><center><b>2019<\/center><\/b><\/td>\n<\/tr>\n<tr class=\"row-35 odd\">\n\t<td class=\"column-1\"><a href=\"http:\/\/coreconms.org.br\/portal-transparencia\/wp-content\/uploads\/2020\/08\/Portaria-4-atualiza\u00e7\u00e3o-salarial-2.pdf\">N\u00ba. 4\/2019 - Revis\u00e3o dos vencimentos dos funcion\u00e1rios do CORECON-MS<\/a><\/td>\n<\/tr>\n<tr class=\"row-36 even\">\n\t<td class=\"column-1\"><a href=\"http:\/\/coreconms.org.br\/portal-transparencia\/wp-content\/uploads\/2020\/08\/Portaria-3-nomea\u00e7\u00e3o-Jorge-Juan-e-Gleidy.pdf\">N. 3\/2019 - Nomeia Jorge Tadeu de Barros Veneza, Juan Carlos Antonelli Vidal e Gleidy Guimar\u00e3es Godinho para o recebimento da reforma da sede do CORECON-MS<\/a><\/td>\n<\/tr>\n<tr class=\"row-37 odd\">\n\t<td class=\"column-1\"><a href=\"http:\/\/coreconms.org.br\/portal-transparencia\/wp-content\/uploads\/2020\/08\/Portaria-2-Comissao_Licitacao.pdf\">N\u00ba. 2\/2019 - Comiss\u00e3o Permanente de Licita\u00e7\u00f5es<\/a><\/td>\n<\/tr>\n<tr class=\"row-38 even\">\n\t<td class=\"column-1\"><a href=\"http:\/\/coreconms.org.br\/portal-transparencia\/wp-content\/uploads\/2020\/08\/Portaria-1-nomea\u00e7\u00e3o-Jorge.pdf\">N\u00ba. 1\/2019 - Nomeia Jorge Tadeu de Barros Veneza como Tesoureiro<\/a><\/td>\n<\/tr>\n<tr class=\"row-39 odd\">\n\t<td class=\"column-1\"><center><b>2018<\/center><\/b><\/td>\n<\/tr>\n<tr class=\"row-40 even\">\n\t<td class=\"column-1\"><a href=\"http:\/\/coreconms.org.br\/portal-transparencia\/wp-content\/uploads\/2020\/08\/Portaria-8-Doa\u00e7\u00e3o.pdf\">N\u00ba. 8\/2018 - Comiss\u00e3o de Bens para Doa\u00e7\u00e3o<\/a><\/td>\n<\/tr>\n<tr class=\"row-41 odd\">\n\t<td class=\"column-1\"><a href=\"http:\/\/coreconms.org.br\/portal-transparencia\/wp-content\/uploads\/2020\/08\/Portaria-7-Desfazimento.pdf\">N\u00ba. 7\/2018 - Comiss\u00e3o de Desfazimento de Inserv\u00edveis<\/a><\/td>\n<\/tr>\n<tr class=\"row-42 even\">\n\t<td class=\"column-1\"><a href=\"http:\/\/coreconms.org.br\/portal-transparencia\/wp-content\/uploads\/2020\/08\/Portaria-6-Pregoeiro-e-Comiss\u00e3o-de-apoio.pdf\">N\u00ba. 6\/2018 - Designa o Pregoeiro e equipe de apoio da Comiss\u00e3o Permanente de Licita\u00e7\u00f5es<\/a><\/td>\n<\/tr>\n<tr class=\"row-43 odd\">\n\t<td class=\"column-1\"><a href=\"http:\/\/coreconms.org.br\/portal-transparencia\/wp-content\/uploads\/2020\/08\/Portaria-5-Comissao_Licitacao.pdf\">N\u00ba. 5\/2018 - Comiss\u00e3o Permanente de Licita\u00e7\u00f5es<\/a><\/td>\n<\/tr>\n<tr class=\"row-44 even\">\n\t<td class=\"column-1\"><a href=\"http:\/\/coreconms.org.br\/portal-transparencia\/wp-content\/uploads\/2020\/08\/Portaria-4-atualiza\u00e7\u00e3o-salarial-1.pdf\">N\u00ba. 4\/2018 - Revis\u00e3o dos vencimentos dos funcion\u00e1rios do CORECON-MS<\/a><\/td>\n<\/tr>\n<tr class=\"row-45 odd\">\n\t<td class=\"column-1\"><a href=\"http:\/\/coreconms.org.br\/portal-transparencia\/wp-content\/uploads\/2020\/08\/Portaria-3-nomea\u00e7\u00e3o-Daniel.pdf\">N\u00ba. 3\/2018 - Nomeia Daniel Vasconcelos de Oliveira para o cargo de livre provimento de Assessor de Finan\u00e7as<\/a><\/td>\n<\/tr>\n<tr class=\"row-46 even\">\n\t<td class=\"column-1\"><a href=\"http:\/\/coreconms.org.br\/portal-transparencia\/wp-content\/uploads\/2020\/08\/Portaria-2-nomea\u00e7\u00e3o-Gleidy-1.pdf\">N\u00ba. 2\/2018 - Nomeia Gleidy Guimar\u00e3es Godinho para o cargo de confian\u00e7a de Gerente Executiva<\/a><\/td>\n<\/tr>\n<tr class=\"row-47 odd\">\n\t<td class=\"column-1\"><a href=\"http:\/\/coreconms.org.br\/portal-transparencia\/wp-content\/uploads\/2020\/08\/Portaria-1-nomea\u00e7\u00e3o-Hudson.pdf\">N\u00ba. 1\/2018 - Nomeia Hudson Garcia da Silva como Tesoureiro <\/a><\/td>\n<\/tr>\n<tr class=\"row-48 even\">\n\t<td class=\"column-1\"><center><b>2017<\/center><\/b><\/td>\n<\/tr>\n<tr class=\"row-49 odd\">\n\t<td class=\"column-1\"><a href=\"http:\/\/coreconms.org.br\/portal-transparencia\/wp-content\/uploads\/2023\/04\/Portaria-5-nomea\u00e7\u00e3o.pdf\">N\u00ba. 5\/2017 - Nomeia Daniel Vasconcelos de Oliveira para o cargo de livre provimento de Assessor de Finan\u00e7as<\/a><\/td>\n<\/tr>\n<tr class=\"row-50 even\">\n\t<td class=\"column-1\"><a href=\"http:\/\/coreconms.org.br\/portal-transparencia\/wp-content\/uploads\/2020\/08\/Portaria-4-atualiza\u00e7\u00e3o-salarial.pdf\">N\u00ba. 4\/2017 - Revis\u00e3o dos vencimentos dos funcion\u00e1rios do CORECON-MS<\/a><\/td>\n<\/tr>\n<tr class=\"row-51 odd\">\n\t<td class=\"column-1\"><a href=\"http:\/\/coreconms.org.br\/portal-transparencia\/wp-content\/uploads\/2020\/08\/Portaria-3-processo-\u00e9tico.pdf\">N\u00ba. 3\/2017 - Nomeia o Conselheiro Diogo Costa da Silva como relator do processo \u00c9tico Disciplinar<\/a><\/td>\n<\/tr>\n<tr class=\"row-52 even\">\n\t<td class=\"column-1\"><a href=\"http:\/\/coreconms.org.br\/portal-transparencia\/wp-content\/uploads\/2020\/08\/Portaria-2-nomea\u00e7\u00e3o-Gleidy.pdf\">N\u00ba. 2\/2017 - Nomeia Gleidy Guimar\u00e3es Godinho para o cargo de confian\u00e7a de Gerente Executiva<\/a><\/td>\n<\/tr>\n<tr class=\"row-53 odd\">\n\t<td class=\"column-1\"><a href=\"http:\/\/coreconms.org.br\/portal-transparencia\/wp-content\/uploads\/2020\/08\/Portaria-1-nomea\u00e7\u00e3o-CLEITON-2017.pdf\">N\u00ba. 1\/2017 - Nomeia Cleiton Ferreira Lopes como Tesoureiro<\/a><\/td>\n<\/tr>\n<tr class=\"row-54 even\">\n\t<td class=\"column-1\"><center><b>2016<\/center><\/b><\/td>\n<\/tr>\n<tr class=\"row-55 odd\">\n\t<td class=\"column-1\"><a href=\"http:\/\/coreconms.org.br\/portal-transparencia\/wp-content\/uploads\/2020\/08\/Portaria-8-Pericia.pdf\">N\u00ba. 8\/2016 - Altera\u00e7\u00e3o da Comiss\u00e3o de Cadastro dos Peritos Econ\u00f4micos<\/a><\/td>\n<\/tr>\n<tr class=\"row-56 even\">\n\t<td class=\"column-1\"><a href=\"http:\/\/coreconms.org.br\/portal-transparencia\/wp-content\/uploads\/2020\/08\/Portaria-7.pdf\">N\u00ba. 7\/2016 - Comiss\u00e3o para Assuntos relacionados \u00e0 nova Sede do CORECON-MS<\/a><\/td>\n<\/tr>\n<tr class=\"row-57 odd\">\n\t<td class=\"column-1\"><a href=\"http:\/\/coreconms.org.br\/portal-transparencia\/wp-content\/uploads\/2020\/08\/Portaria-6.pdf\">N\u00ba. 6\/2016 - Comiss\u00e3o de Fiscaliza\u00e7\u00e3o<\/a><\/td>\n<\/tr>\n<tr class=\"row-58 even\">\n\t<td class=\"column-1\"><a href=\"http:\/\/coreconms.org.br\/portal-transparencia\/wp-content\/uploads\/2020\/08\/Portaria-5.pdf\">N\u00ba. 5\/2016 - Comiss\u00e3o de Cadastro dos Peritos Econ\u00f4micos<\/a><\/td>\n<\/tr>\n<tr class=\"row-59 odd\">\n\t<td class=\"column-1\"><a href=\"http:\/\/coreconms.org.br\/portal-transparencia\/wp-content\/uploads\/2020\/08\/Portaria-4-atualiza\u00e7\u00e3o-salarial-3.pdf\">N\u00ba. 4\/2016 - Revis\u00e3o dos vencimentos dos funcion\u00e1rios do CORECON-MS<\/a><\/td>\n<\/tr>\n<tr class=\"row-60 even\">\n\t<td class=\"column-1\"><a href=\"http:\/\/coreconms.org.br\/portal-transparencia\/wp-content\/uploads\/2020\/08\/Portaria-3-nomea\u00e7\u00e3o-Gleidy-.pdf\">N\u00ba. 3\/2016 - Nomeia Gleidy Guimar\u00e3es Godinho para o cargo de confian\u00e7a de Gerente Executiva<\/a><\/td>\n<\/tr>\n<tr class=\"row-61 odd\">\n\t<td class=\"column-1\"><a href=\"http:\/\/coreconms.org.br\/portal-transparencia\/wp-content\/uploads\/2020\/08\/Portaria-2-nomea\u00e7\u00e3o-CLEITON.pdf\">N\u00ba. 2\/2016 - Nomeia Cleiton Ferreira Lopes como Tesoureiro<\/a><\/td>\n<\/tr>\n<tr class=\"row-62 even\">\n\t<td class=\"column-1\"><a href=\"http:\/\/coreconms.org.br\/portal-transparencia\/wp-content\/uploads\/2020\/08\/Portaria-1-exonera\u00e7\u00e3o-Rosires-1.pdf\">N\u00ba. 1\/2016 - Exonerar Rosires Aparecida Bastos Gomes<\/a><\/td>\n<\/tr>\n<\/tbody>\n<\/table>\n<!-- #tablepress-17 from cache -->\n","protected":false},"excerpt":{"rendered":"","protected":false},"author":1,"featured_media":0,"parent":0,"menu_order":0,"comment_status":"closed","ping_status":"closed","template":"","meta":{"footnotes":""},"_links":{"self":[{"href":"https:\/\/coreconms.org.br\/portal-transparencia\/wp-json\/wp\/v2\/pages\/610"}],"collection":[{"href":"https:\/\/coreconms.org.br\/portal-transparencia\/wp-json\/wp\/v2\/pages"}],"about":[{"href":"https:\/\/coreconms.org.br\/portal-transparencia\/wp-json\/wp\/v2\/types\/page"}],"author":[{"embeddable":true,"href":"https:\/\/coreconms.org.br\/portal-transparencia\/wp-json\/wp\/v2\/users\/1"}],"replies":[{"embeddable":true,"href":"https:\/\/coreconms.org.br\/portal-transparencia\/wp-json\/wp\/v2\/comments?post=610"}],"version-history":[{"count":3,"href":"https:\/\/coreconms.org.br\/portal-transparencia\/wp-json\/wp\/v2\/pages\/610\/revisions"}],"predecessor-version":[{"id":727,"href":"https:\/\/coreconms.org.br\/portal-transparencia\/wp-json\/wp\/v2\/pages\/610\/revisions\/727"}],"wp:attachment":[{"href":"https:\/\/coreconms.org.br\/portal-transparencia\/wp-json\/wp\/v2\/media?parent=610"}],"curies":[{"name":"wp","href":"https:\/\/api.w.org\/{rel}","templated":true}]}}